{"id":104,"date":"2015-05-11T08:37:38","date_gmt":"2015-05-11T07:37:38","guid":{"rendered":"http:\/\/www.crerf-mueb.eu\/?page_id=104"},"modified":"2015-07-06T15:51:33","modified_gmt":"2015-07-06T14:51:33","slug":"impressum","status":"publish","type":"page","link":"https:\/\/www.crerf-mueb.eu\/de\/impressum\/","title":{"rendered":"Impressum"},"content":{"rendered":"<h4>Herausgeber<\/h4>\n<p>Sie sind Zurzeit auf der Homepage der Mobilen \u00dcbungsanlage Binnengew\u00e4sser (M\u00dcB) eingeloggt.<\/p>\n<p>Verantwortlich f\u00fcr den Inhalt: Thierry CARBIENER<\/p>\n<h4>Franz\u00f6sisches Datenschutzgesetz \u00ab\u00a0Informatique et libert\u00e9s\u00a0\u00bb<\/h4>\n<p>Sie Verf\u00fcgen \u00fcber ein Recht des Zugangs, der Modifizierung, Ab\u00e4nderung, L\u00f6schung der Daten, die Sie betreffen (Art. 34 des franz\u00f6sischen Datenschutzgesetzes \u00ab\u00a0Informatique et Libert\u00e9s\u00a0\u00bb des 6. Januar 1978). Um in den Genuss dieses Gesetzes zu kommen, obliegt es Ihnen sich schriftlich an folgende Adresse zu wenden:<\/p>\n<p><strong>Centre rh\u00e9nan d\u2019entra\u00eenement \u00e0 la ma\u00eetrise des risques fluviaux<\/strong><br \/>\nService d\u00e9partemental d&#8217;incendie et de secours du Bas-Rhin<br \/>\nLe Prisme<br \/>\n2 route de Paris<br \/>\nF- 67087 Strasbourg Cedex 2<\/p>\n<h4>Pers\u00f6nlicher Datenschutz auf der Homepage der M\u00dcB<\/h4>\n<p>Pers\u00f6nliche Daten werden nicht unwissentlich gesammelt.<\/p>\n<p>Pers\u00f6nliche Daten werden nicht an Dritte weitergegeben.<\/p>\n<p>Pers\u00f6nliche Daten werden nicht f\u00fcr nicht vorgesehene Zwecke benutzt.<\/p>\n<h4>Geheimhaltung der E-Mail-Adressen<\/h4>\n<p>Nachrichten, die auf dem Internetnetz versandt werden, k\u00f6nnen abgehalten werden. Geben Sie keine pers\u00f6nliche Daten bekannt, die unn\u00f6tig oder sensibel sind. Falls Sie derartige Daten an uns weiterleiten m\u00f6chten, bevorzugen Sie unbedingt den Postweg.<\/p>\n<p>Wir informieren Sie, dass E-Mail-Adressen informatisch gespeichert werden, solange sie von unserer Verwaltung gebraucht werden, um Ihre Anfrage oder Ihr Anliegen zu bearbeiten.<\/p>\n<p>Gem\u00e4ss der franz\u00f6sischen Gesetzgebung, k\u00f6nnen diese Informationen durch den Verantwortlichen der M\u00dcB-Homepage gegen\u00fcber von nat\u00fcrlichen Personen, juristischen Personen oder Verwaltungen, die dazu befugt sind sie zu verlangen, enth\u00fcllt werden.<\/p>\n<h4>Urheberrecht &#8211; Copyright<\/h4>\n<p>Diese Homepage unterliegt in ihrer Gesamtheit der franz\u00f6sischen und internationalen Gesetzgebung \u00fcber Urheberrechte und geistigem Eigentum. Alle Rechte zur Verfielf\u00e4ltigung sind urheberrechtlich gesch\u00fctzt,<\/p>\n<p>dazu geh\u00f6ren auch die Dokumente, die zum Downloaden zur Verf\u00fcgung gestellt sind, wie auch ikonographische oder fotographische Darstellungen.<\/p>\n<p>Das Reproduzieren des Inhalts dieser Website in seiner Gesamtheit oder auch nur teilweise auf einem elektronischen Datentr\u00e4ger ist strikt verboten, au\u00dfer bei vorher explizit ausgesprochener Genehmigung durch den f\u00fcr den Inhalt verantwortlichen Tr\u00e4ger.<\/p>\n<p>Zur Benutzung f\u00fcr andere Zwecke, bitten wir Sie mit uns in Kontakt zu treten.<\/p>\n<p>Marken, die eventuell auf dieser Homepage genannt sind, wurden durch die Unternehmen in dessen Besitz sie sind, gesch\u00fctzt.<\/p>\n<h4><strong>Internetseiten dritter Anbieter \/ Links<\/strong><\/h4>\n<p>Die Internetseite der M\u00dcB enth\u00e4lt Links oder Verweise auf entweder ihr angeschlossenen oder nichtangeschlossenen Internetseiten Dritter. Diese Internetseiten sind unabh\u00e4ngig von der Internetseite des Herausgebers M\u00dcB. Die M\u00dcB ist weder Herausgeber der Internetseiten Dritter, noch \u00fcbt sie eine Kontrolle \u00fcber deren Inhalt aus. Die Verlinkung zu diesen Internetseiten bedeutet auf keinen Fall ein Einverst\u00e4ndnis oder eine Partnerschaft zwischen den Internetauftritten Dritter und der Homepage der M\u00dcB. Infolgedessen \u00fcbernimmt die M\u00dcB keine Haftung f\u00fcr den Inhalt, die Produkte, Werbungen, Angebote oder Serviceleistungen, die auf den Internetauftritten Dritter angeboten werden. Die angeschlossenen oder nicht angeschlossenen Webseiten unterliegen deren eigenen Nutzungsvoraussetzungen und Datenschutzgesetzen.<\/p>\n<h4><strong>Warnhinweis<\/strong><\/h4>\n<p>F\u00fcr Sch\u00e4den, die aus der Nutzung und dem Zugang der Homepage resultieren, \u00fcbernimmt die M\u00dcB keine Haftung. Diese Klausel beinhaltet auch Sch\u00e4den oder Viren, die entweder die Informatikanlage oder weiteres Eigentum der Nutzer betreffen. Der Herausgeber der M\u00dcB-Homepage ist bem\u00fcht, die auf dieser Homepage bekannt gegebenen Informationen regelm\u00e4\u00dfig auf neuesten Stand zu bringen. Bei Fehlern oder Vers\u00e4umnissen tr\u00e4gt er keine Haftung.<\/p>\n<h4><strong>Ausschlussklausel \u00fcber Verantwortung und Entsch\u00e4digung<\/strong><\/h4>\n<p>Die M\u00dcB-Homepage oder jegliche Drittstelle, die in Bezug mit dieser Website agiert, nimmt keinerlei Verantwortung f\u00fcr direkte oder indirekte Sch\u00e4den, die durch den Zugang zur oder der Verwendung der abgerufenen Informationen ergeben sollten.<\/p>\n<p>F\u00fcr die Verletzung der vorliegenden Nutzungsvoraussetzungen oder in Verbindung der Nutzung, die Sie aus dieser Homepage machen, k\u00f6nnen weder die Verwalter, Vertreter, Bediensteten oder noch Inhaber von Lizenzen oder Drittpersonen, die durch Kreation, Produktion und Vertrieb im Rahmen der Erstellung dieser Homepage beteiligt waren, zur Verantwortung herbeigezogen werden.<\/p>\n<h4><strong>\u00c4nderung der generellen Nutzungsvoraussetzungen<\/strong><\/h4>\n<p>Dem Herausgeber der M\u00dcB-Homepage sind alle Rechte zur Modifizierung und generell dar\u00fcber hinaus gehende Rechte zur Aktualisierung der vorliegenden generellen Nutzungsvoraussetzungen vorbehalten. Dies kann jederzeit und ohne Vorinformation geschehen.<\/p>\n<h4><strong>Web-Hosting<\/strong><\/h4>\n<p>SDV Plurim\u00e9dia<br \/>\n15 rue de la Nu\u00e9e bleue<br \/>\nF- 67000 Strasbourg<br \/>\nhttp:\/\/www.sdv.fr\/<\/p>\n<h4><strong>Entwicklungspartner f\u00fcr Online-Verfahren<\/strong><\/h4>\n<p>Agence La couleur du Z\u00e8bre<br \/>\n3 place des Orphelins<br \/>\nF- 67000 Strasbourg<br \/>\nhttp:\/\/www.lacouleurduzebre.com<\/p>\n<p>Zur Verwaltung des Inhalts benutzt diese Homepage folgende Software: WordPress (https:\/\/fr.wordpress.org\/).<\/p>\n","protected":false},"excerpt":{"rendered":"<p>Herausgeber Sie sind Zurzeit auf der Homepage der Mobilen \u00dcbungsanlage Binnengew\u00e4sser (M\u00dcB) eingeloggt. Verantwortlich f\u00fcr den Inhalt: Thierry CARBIENER Franz\u00f6sisches Datenschutzgesetz \u00ab\u00a0Informatique et libert\u00e9s\u00a0\u00bb Sie Verf\u00fcgen \u00fcber ein Recht des Zugangs, der Modifizierung, Ab\u00e4nderung, L\u00f6schung der Daten, die Sie betreffen (Art. 34 des franz\u00f6sischen Datenschutzgesetzes \u00ab\u00a0Informatique et Libert\u00e9s\u00a0\u00bb des 6. Januar 1978). Um in den [&hellip;]<\/p>\n","protected":false},"author":1,"featured_media":0,"parent":0,"menu_order":0,"comment_status":"closed","ping_status":"closed","template":"","meta":{"_mi_skip_tracking":false},"yoast_head":"<!-- This site is optimized with the Yoast SEO plugin v20.5 - https:\/\/yoast.com\/wordpress\/plugins\/seo\/ -->\n<title>Impressum - CRERF M\u00dcB<\/title>\n<meta name=\"robots\" content=\"index, follow, max-snippet:-1, max-image-preview:large, max-video-preview:-1\" \/>\n<link rel=\"canonical\" href=\"https:\/\/www.crerf-mueb.eu\/de\/impressum\/\" \/>\n<meta property=\"og:locale\" content=\"de_DE\" \/>\n<meta property=\"og:type\" content=\"article\" \/>\n<meta property=\"og:title\" content=\"Impressum - CRERF M\u00dcB\" \/>\n<meta property=\"og:description\" content=\"Herausgeber Sie sind Zurzeit auf der Homepage der Mobilen \u00dcbungsanlage Binnengew\u00e4sser (M\u00dcB) eingeloggt. Verantwortlich f\u00fcr den Inhalt: Thierry CARBIENER Franz\u00f6sisches Datenschutzgesetz \u00ab\u00a0Informatique et libert\u00e9s\u00a0\u00bb Sie Verf\u00fcgen \u00fcber ein Recht des Zugangs, der Modifizierung, Ab\u00e4nderung, L\u00f6schung der Daten, die Sie betreffen (Art. 34 des franz\u00f6sischen Datenschutzgesetzes \u00ab\u00a0Informatique et Libert\u00e9s\u00a0\u00bb des 6. Januar 1978). Um in den [&hellip;]\" \/>\n<meta property=\"og:url\" content=\"https:\/\/www.crerf-mueb.eu\/de\/impressum\/\" \/>\n<meta property=\"og:site_name\" content=\"CRERF M\u00dcB\" \/>\n<meta property=\"article:modified_time\" content=\"2015-07-06T14:51:33+00:00\" \/>\n<meta name=\"twitter:card\" content=\"summary_large_image\" \/>\n<meta name=\"twitter:label1\" content=\"Gesch\u00e4tzte Lesezeit\" \/>\n\t<meta name=\"twitter:data1\" content=\"4\u00a0Minuten\" \/>\n<script type=\"application\/ld+json\" class=\"yoast-schema-graph\">{\"@context\":\"https:\/\/schema.org\",\"@graph\":[{\"@type\":\"WebPage\",\"@id\":\"https:\/\/www.crerf-mueb.eu\/de\/impressum\/\",\"url\":\"https:\/\/www.crerf-mueb.eu\/de\/impressum\/\",\"name\":\"Impressum - CRERF M\u00dcB\",\"isPartOf\":{\"@id\":\"https:\/\/www.crerf-mueb.eu\/#website\"},\"datePublished\":\"2015-05-11T07:37:38+00:00\",\"dateModified\":\"2015-07-06T14:51:33+00:00\",\"breadcrumb\":{\"@id\":\"https:\/\/www.crerf-mueb.eu\/de\/impressum\/#breadcrumb\"},\"inLanguage\":\"de\",\"potentialAction\":[{\"@type\":\"ReadAction\",\"target\":[\"https:\/\/www.crerf-mueb.eu\/de\/impressum\/\"]}]},{\"@type\":\"BreadcrumbList\",\"@id\":\"https:\/\/www.crerf-mueb.eu\/de\/impressum\/#breadcrumb\",\"itemListElement\":[{\"@type\":\"ListItem\",\"position\":1,\"name\":\"Accueil\",\"item\":\"http:\/\/www.crerf-mueb.eu\/de\/\"},{\"@type\":\"ListItem\",\"position\":2,\"name\":\"Impressum\"}]},{\"@type\":\"WebSite\",\"@id\":\"https:\/\/www.crerf-mueb.eu\/#website\",\"url\":\"https:\/\/www.crerf-mueb.eu\/\",\"name\":\"CRERF M\u00dcB\",\"description\":\"River Risk Control Training Center\",\"potentialAction\":[{\"@type\":\"SearchAction\",\"target\":{\"@type\":\"EntryPoint\",\"urlTemplate\":\"https:\/\/www.crerf-mueb.eu\/?s={search_term_string}\"},\"query-input\":\"required name=search_term_string\"}],\"inLanguage\":\"de\"}]}<\/script>\n<!-- \/ Yoast SEO plugin. -->","yoast_head_json":{"title":"Impressum - CRERF M\u00dcB","robots":{"index":"index","follow":"follow","max-snippet":"max-snippet:-1","max-image-preview":"max-image-preview:large","max-video-preview":"max-video-preview:-1"},"canonical":"https:\/\/www.crerf-mueb.eu\/de\/impressum\/","og_locale":"de_DE","og_type":"article","og_title":"Impressum - CRERF M\u00dcB","og_description":"Herausgeber Sie sind Zurzeit auf der Homepage der Mobilen \u00dcbungsanlage Binnengew\u00e4sser (M\u00dcB) eingeloggt. Verantwortlich f\u00fcr den Inhalt: Thierry CARBIENER Franz\u00f6sisches Datenschutzgesetz \u00ab\u00a0Informatique et libert\u00e9s\u00a0\u00bb Sie Verf\u00fcgen \u00fcber ein Recht des Zugangs, der Modifizierung, Ab\u00e4nderung, L\u00f6schung der Daten, die Sie betreffen (Art. 34 des franz\u00f6sischen Datenschutzgesetzes \u00ab\u00a0Informatique et Libert\u00e9s\u00a0\u00bb des 6. Januar 1978). Um in den [&hellip;]","og_url":"https:\/\/www.crerf-mueb.eu\/de\/impressum\/","og_site_name":"CRERF M\u00dcB","article_modified_time":"2015-07-06T14:51:33+00:00","twitter_card":"summary_large_image","twitter_misc":{"Gesch\u00e4tzte Lesezeit":"4\u00a0Minuten"},"schema":{"@context":"https:\/\/schema.org","@graph":[{"@type":"WebPage","@id":"https:\/\/www.crerf-mueb.eu\/de\/impressum\/","url":"https:\/\/www.crerf-mueb.eu\/de\/impressum\/","name":"Impressum - CRERF M\u00dcB","isPartOf":{"@id":"https:\/\/www.crerf-mueb.eu\/#website"},"datePublished":"2015-05-11T07:37:38+00:00","dateModified":"2015-07-06T14:51:33+00:00","breadcrumb":{"@id":"https:\/\/www.crerf-mueb.eu\/de\/impressum\/#breadcrumb"},"inLanguage":"de","potentialAction":[{"@type":"ReadAction","target":["https:\/\/www.crerf-mueb.eu\/de\/impressum\/"]}]},{"@type":"BreadcrumbList","@id":"https:\/\/www.crerf-mueb.eu\/de\/impressum\/#breadcrumb","itemListElement":[{"@type":"ListItem","position":1,"name":"Accueil","item":"http:\/\/www.crerf-mueb.eu\/de\/"},{"@type":"ListItem","position":2,"name":"Impressum"}]},{"@type":"WebSite","@id":"https:\/\/www.crerf-mueb.eu\/#website","url":"https:\/\/www.crerf-mueb.eu\/","name":"CRERF M\u00dcB","description":"River Risk Control Training Center","potentialAction":[{"@type":"SearchAction","target":{"@type":"EntryPoint","urlTemplate":"https:\/\/www.crerf-mueb.eu\/?s={search_term_string}"},"query-input":"required name=search_term_string"}],"inLanguage":"de"}]}},"_links":{"self":[{"href":"https:\/\/www.crerf-mueb.eu\/de\/wp-json\/wp\/v2\/pages\/104"}],"collection":[{"href":"https:\/\/www.crerf-mueb.eu\/de\/wp-json\/wp\/v2\/pages"}],"about":[{"href":"https:\/\/www.crerf-mueb.eu\/de\/wp-json\/wp\/v2\/types\/page"}],"author":[{"embeddable":true,"href":"https:\/\/www.crerf-mueb.eu\/de\/wp-json\/wp\/v2\/users\/1"}],"replies":[{"embeddable":true,"href":"https:\/\/www.crerf-mueb.eu\/de\/wp-json\/wp\/v2\/comments?post=104"}],"version-history":[{"count":11,"href":"https:\/\/www.crerf-mueb.eu\/de\/wp-json\/wp\/v2\/pages\/104\/revisions"}],"predecessor-version":[{"id":798,"href":"https:\/\/www.crerf-mueb.eu\/de\/wp-json\/wp\/v2\/pages\/104\/revisions\/798"}],"wp:attachment":[{"href":"https:\/\/www.crerf-mueb.eu\/de\/wp-json\/wp\/v2\/media?parent=104"}],"curies":[{"name":"wp","href":"https:\/\/api.w.org\/{rel}","templated":true}]}}