{"id":163,"date":"2015-05-12T11:05:19","date_gmt":"2015-05-12T10:05:19","guid":{"rendered":"http:\/\/www.crerf-mueb.eu\/?page_id=163"},"modified":"2023-02-21T10:02:41","modified_gmt":"2023-02-21T09:02:41","slug":"lequipe","status":"publish","type":"page","link":"https:\/\/www.crerf-mueb.eu\/de\/le-crerf\/lequipe\/","title":{"rendered":"L&#8217;\u00e9quipe"},"content":{"rendered":"<h2>L\u2019encadrement et les intervenants du CRERF<\/h2>\n<p><strong>Directeur du CRERF<\/strong><br \/>\nLieutenant-colonel Pierre-Jean CHEZE<\/p>\n<p><strong>Officier en charge de la gestion administrative<\/strong><br \/>\nCapitaine Claude BOEHM<\/p>\n<p><strong>Officier CRERF<\/strong><br \/>\nGestion du p\u00f4le et mise en \u0153uvre des formations<br \/>\nLieutenant Vincent HEILIGENSTEIN<\/p>\n<p><strong>Suppl\u00e9ant de l\u2019officier CRERF<\/strong><br \/>\n<strong>R\u00e9f\u00e9rents techniques<\/strong><br \/>\nJ\u00e9r\u00e9my GRASS<br \/>\nEric ENSMINGER<br \/>\nChristoph WENZEL<\/p>\n<p><strong>Secr\u00e9tariat<\/strong><br \/>\nCarole VIERLING<\/p>\n<p>Une \u00e9quipe de formateurs franco-allemande d\u00e9livre les formations \u00e0 bord du CRERF.<\/p>\n<p><img decoding=\"async\" loading=\"lazy\" class=\"alignnone size-full wp-image-581\" src=\"http:\/\/www.crerf-mueb.eu\/wp-content\/uploads\/2015\/05\/pdf.gif\" alt=\"\" width=\"16\" height=\"16\" \/> <a href=\"http:\/\/www.crerf-mueb.eu\/wp-content\/uploads\/2023\/02\/2023_Contacts_CRERF-MUB.pdf\">Vos contacts<\/a><\/p>\n","protected":false},"excerpt":{"rendered":"<p>L\u2019encadrement et les intervenants du CRERF Directeur du CRERF Lieutenant-colonel Pierre-Jean CHEZE Officier en charge de la gestion administrative Capitaine Claude BOEHM Officier CRERF Gestion du p\u00f4le et mise en \u0153uvre des formations Lieutenant Vincent HEILIGENSTEIN Suppl\u00e9ant de l\u2019officier CRERF R\u00e9f\u00e9rents techniques J\u00e9r\u00e9my GRASS Eric ENSMINGER Christoph WENZEL Secr\u00e9tariat Carole VIERLING Une \u00e9quipe de formateurs [&hellip;]<\/p>\n","protected":false},"author":2,"featured_media":0,"parent":9,"menu_order":0,"comment_status":"open","ping_status":"open","template":"","meta":{"_mi_skip_tracking":false},"yoast_head":"<!-- This site is optimized with the Yoast SEO plugin v20.5 - https:\/\/yoast.com\/wordpress\/plugins\/seo\/ -->\n<title>L&#039;\u00e9quipe<\/title>\n<meta name=\"description\" content=\"L\u2019encadrement et les intervenants du CRERF\" \/>\n<meta name=\"robots\" content=\"index, follow, max-snippet:-1, max-image-preview:large, max-video-preview:-1\" \/>\n<link rel=\"canonical\" href=\"http:\/\/www.crerf-mueb.eu\/le-crerf\/lequipe\/\" \/>\n<meta property=\"og:locale\" content=\"de_DE\" \/>\n<meta property=\"og:type\" content=\"article\" \/>\n<meta property=\"og:title\" content=\"L&#039;\u00e9quipe\" \/>\n<meta property=\"og:description\" content=\"L\u2019encadrement et les intervenants du CRERF\" \/>\n<meta property=\"og:url\" content=\"http:\/\/www.crerf-mueb.eu\/le-crerf\/lequipe\/\" \/>\n<meta property=\"og:site_name\" content=\"CRERF M\u00dcB\" \/>\n<meta property=\"article:modified_time\" content=\"2023-02-21T09:02:41+00:00\" \/>\n<meta property=\"og:image\" content=\"http:\/\/www.crerf-mueb.eu\/wp-content\/uploads\/2015\/05\/pdf.gif\" \/>\n<meta name=\"twitter:card\" content=\"summary_large_image\" \/>\n<meta name=\"twitter:label1\" content=\"Gesch\u00e4tzte Lesezeit\" \/>\n\t<meta name=\"twitter:data1\" content=\"1\u00a0Minute\" \/>\n<script type=\"application\/ld+json\" class=\"yoast-schema-graph\">{\"@context\":\"https:\/\/schema.org\",\"@graph\":[{\"@type\":\"WebPage\",\"@id\":\"http:\/\/www.crerf-mueb.eu\/le-crerf\/lequipe\/\",\"url\":\"http:\/\/www.crerf-mueb.eu\/le-crerf\/lequipe\/\",\"name\":\"L'\u00e9quipe\",\"isPartOf\":{\"@id\":\"http:\/\/www.crerf-mueb.eu\/#website\"},\"datePublished\":\"2015-05-12T10:05:19+00:00\",\"dateModified\":\"2023-02-21T09:02:41+00:00\",\"description\":\"L\u2019encadrement et les intervenants du CRERF\",\"breadcrumb\":{\"@id\":\"http:\/\/www.crerf-mueb.eu\/le-crerf\/lequipe\/#breadcrumb\"},\"inLanguage\":\"de\",\"potentialAction\":[{\"@type\":\"ReadAction\",\"target\":[\"http:\/\/www.crerf-mueb.eu\/le-crerf\/lequipe\/\"]}]},{\"@type\":\"BreadcrumbList\",\"@id\":\"http:\/\/www.crerf-mueb.eu\/le-crerf\/lequipe\/#breadcrumb\",\"itemListElement\":[{\"@type\":\"ListItem\",\"position\":1,\"name\":\"Accueil\",\"item\":\"http:\/\/www.crerf-mueb.eu\/de\/\"},{\"@type\":\"ListItem\",\"position\":2,\"name\":\"Le CRERF\",\"item\":\"http:\/\/www.crerf-mueb.eu\/le-crerf\/\"},{\"@type\":\"ListItem\",\"position\":3,\"name\":\"L&rsquo;\u00e9quipe\"}]},{\"@type\":\"WebSite\",\"@id\":\"http:\/\/www.crerf-mueb.eu\/#website\",\"url\":\"http:\/\/www.crerf-mueb.eu\/\",\"name\":\"CRERF M\u00dcB\",\"description\":\"River Risk Control Training Center\",\"potentialAction\":[{\"@type\":\"SearchAction\",\"target\":{\"@type\":\"EntryPoint\",\"urlTemplate\":\"http:\/\/www.crerf-mueb.eu\/?s={search_term_string}\"},\"query-input\":\"required name=search_term_string\"}],\"inLanguage\":\"de\"}]}<\/script>\n<!-- \/ Yoast SEO plugin. -->","yoast_head_json":{"title":"L'\u00e9quipe","description":"L\u2019encadrement et les intervenants du CRERF","robots":{"index":"index","follow":"follow","max-snippet":"max-snippet:-1","max-image-preview":"max-image-preview:large","max-video-preview":"max-video-preview:-1"},"canonical":"http:\/\/www.crerf-mueb.eu\/le-crerf\/lequipe\/","og_locale":"de_DE","og_type":"article","og_title":"L'\u00e9quipe","og_description":"L\u2019encadrement et les intervenants du CRERF","og_url":"http:\/\/www.crerf-mueb.eu\/le-crerf\/lequipe\/","og_site_name":"CRERF M\u00dcB","article_modified_time":"2023-02-21T09:02:41+00:00","og_image":[{"url":"http:\/\/www.crerf-mueb.eu\/wp-content\/uploads\/2015\/05\/pdf.gif"}],"twitter_card":"summary_large_image","twitter_misc":{"Gesch\u00e4tzte Lesezeit":"1\u00a0Minute"},"schema":{"@context":"https:\/\/schema.org","@graph":[{"@type":"WebPage","@id":"http:\/\/www.crerf-mueb.eu\/le-crerf\/lequipe\/","url":"http:\/\/www.crerf-mueb.eu\/le-crerf\/lequipe\/","name":"L'\u00e9quipe","isPartOf":{"@id":"http:\/\/www.crerf-mueb.eu\/#website"},"datePublished":"2015-05-12T10:05:19+00:00","dateModified":"2023-02-21T09:02:41+00:00","description":"L\u2019encadrement et les intervenants du CRERF","breadcrumb":{"@id":"http:\/\/www.crerf-mueb.eu\/le-crerf\/lequipe\/#breadcrumb"},"inLanguage":"de","potentialAction":[{"@type":"ReadAction","target":["http:\/\/www.crerf-mueb.eu\/le-crerf\/lequipe\/"]}]},{"@type":"BreadcrumbList","@id":"http:\/\/www.crerf-mueb.eu\/le-crerf\/lequipe\/#breadcrumb","itemListElement":[{"@type":"ListItem","position":1,"name":"Accueil","item":"http:\/\/www.crerf-mueb.eu\/de\/"},{"@type":"ListItem","position":2,"name":"Le CRERF","item":"http:\/\/www.crerf-mueb.eu\/le-crerf\/"},{"@type":"ListItem","position":3,"name":"L&rsquo;\u00e9quipe"}]},{"@type":"WebSite","@id":"http:\/\/www.crerf-mueb.eu\/#website","url":"http:\/\/www.crerf-mueb.eu\/","name":"CRERF M\u00dcB","description":"River Risk Control Training Center","potentialAction":[{"@type":"SearchAction","target":{"@type":"EntryPoint","urlTemplate":"http:\/\/www.crerf-mueb.eu\/?s={search_term_string}"},"query-input":"required name=search_term_string"}],"inLanguage":"de"}]}},"_links":{"self":[{"href":"https:\/\/www.crerf-mueb.eu\/de\/wp-json\/wp\/v2\/pages\/163"}],"collection":[{"href":"https:\/\/www.crerf-mueb.eu\/de\/wp-json\/wp\/v2\/pages"}],"about":[{"href":"https:\/\/www.crerf-mueb.eu\/de\/wp-json\/wp\/v2\/types\/page"}],"author":[{"embeddable":true,"href":"https:\/\/www.crerf-mueb.eu\/de\/wp-json\/wp\/v2\/users\/2"}],"replies":[{"embeddable":true,"href":"https:\/\/www.crerf-mueb.eu\/de\/wp-json\/wp\/v2\/comments?post=163"}],"version-history":[{"count":9,"href":"https:\/\/www.crerf-mueb.eu\/de\/wp-json\/wp\/v2\/pages\/163\/revisions"}],"predecessor-version":[{"id":1692,"href":"https:\/\/www.crerf-mueb.eu\/de\/wp-json\/wp\/v2\/pages\/163\/revisions\/1692"}],"up":[{"embeddable":true,"href":"https:\/\/www.crerf-mueb.eu\/de\/wp-json\/wp\/v2\/pages\/9"}],"wp:attachment":[{"href":"https:\/\/www.crerf-mueb.eu\/de\/wp-json\/wp\/v2\/media?parent=163"}],"curies":[{"name":"wp","href":"https:\/\/api.w.org\/{rel}","templated":true}]}}